{"id":2638,"date":"2026-04-27T13:07:41","date_gmt":"2026-04-27T13:07:41","guid":{"rendered":"https:\/\/corakid.com\/?page_id=2638"},"modified":"2026-04-27T13:11:31","modified_gmt":"2026-04-27T13:11:31","slug":"deces-du-professeur-raymond-ardaillou","status":"publish","type":"page","link":"https:\/\/corakid.com\/en\/deces-du-professeur-raymond-ardaillou\/","title":{"rendered":"D\u00e9c\u00e8s du Professeur Raymond ARDAILLOU"},"content":{"rendered":"<div class=\"wp-block-columns is-layout-flex wp-container-core-columns-is-layout-28f84493 wp-block-columns-is-layout-flex\">\n<div class=\"wp-block-column is-layout-flow wp-block-column-is-layout-flow\" style=\"flex-basis:50%\">\n<p>La Soci\u00e9t\u00e9 de N\u00e9phrologie a appris avec une profonde tristesse le d\u00e9c\u00e8s du Professeur Raymond Ardaillou.<\/p>\n\n\n\n<p>Figure majeure de la n\u00e9phrologie et de la physiologie fran\u00e7aises, n\u00e9 le 10 juin 1930,&nbsp; il fut l\u2019un des grands physiologistes de son temps. \u00c9l\u00e8ve de Gabriel Richet, aux c\u00f4t\u00e9s de Claude Amiel, il s\u2019inscrivait dans la lign\u00e9e fondatrice de la n\u00e9phrologie fran\u00e7aise, dont il a su prolonger et renouveler l\u2019h\u00e9ritage. Tout au long de sa carri\u00e8re parisienne, il a conserv\u00e9 avec fiert\u00e9 l\u2019accent chantant de son Lot natal, rappel discret mais constant de ses racines et de la simplicit\u00e9 qui l\u2019a toujours caract\u00e9ris\u00e9.<\/p>\n<\/div>\n\n\n\n<div class=\"wp-block-column is-layout-flow wp-container-core-column-is-layout-470e7e12 wp-block-column-is-layout-flow\" style=\"padding-top:0;padding-right:0;padding-bottom:0;padding-left:0;flex-basis:50%\">\n<figure class=\"wp-block-image aligncenter size-full is-resized\"><img loading=\"lazy\" decoding=\"async\" width=\"853\" height=\"480\" src=\"https:\/\/corakid.com\/wp-content\/uploads\/2026\/04\/RA.jpg\" alt=\"\" class=\"wp-image-2636\" style=\"aspect-ratio:1.7770654193190014;width:455px;height:auto\" srcset=\"https:\/\/corakid.com\/wp-content\/uploads\/2026\/04\/RA.jpg 853w, https:\/\/corakid.com\/wp-content\/uploads\/2026\/04\/RA-300x169.jpg 300w, https:\/\/corakid.com\/wp-content\/uploads\/2026\/04\/RA-768x432.jpg 768w, https:\/\/corakid.com\/wp-content\/uploads\/2026\/04\/RA-18x10.jpg 18w\" sizes=\"auto, (max-width: 853px) 100vw, 853px\" \/><\/figure>\n<\/div>\n<\/div>\n\n\n\n<p>Interne des h\u00f4pitaux de Paris en 1953, il a travaill\u00e9 sous la direction de Gabriel Richet au sein du service de n\u00e9phrologie de Jean Hamburger \u00e0 l\u2019h\u00f4pital Necker-Enfants malades. Il a obtenu son doctorat en m\u00e9decine en 1959, puis est devenu chef de clinique \u00e0 la facult\u00e9 de m\u00e9decine de Paris en 1960. Agr\u00e9g\u00e9 en 1965, il a rejoint Gabriel Richet \u00e0 l\u2019h\u00f4pital Tenon, o\u00f9 il a exerc\u00e9 l\u2019essentiel de sa carri\u00e8re. Nomm\u00e9 Professeur des Universit\u00e9s &#8211; Praticien Hospitalier, il a dirig\u00e9 pendant plus de vingt ans le service des Explorations Fonctionnelles. En parall\u00e8le, il a succ\u00e9d\u00e9 \u00e0 Gabriel Richet \u00e0 la t\u00eate de l\u2019unit\u00e9 INSERM U64 <em>\u00ab N\u00e9phrologie normale et pathologique \u00bb<\/em> (1985-1996), qu\u2019il a contribu\u00e9 \u00e0 porter \u00e0 un niveau d\u2019excellence reconnu.<\/p>\n\n\n\n<p>Ses travaux ont profond\u00e9ment renouvel\u00e9 la compr\u00e9hension de la physiologie glom\u00e9rulaire. Il a consacr\u00e9 l\u2019essentiel de ses recherches \u00e0 l\u2019\u00e9tude du glom\u00e9rule, en mettant en lumi\u00e8re le r\u00f4le central de l\u2019angiotensine et des prostaglandines dans la r\u00e9gulation de la fonction r\u00e9nale. Par la rigueur de ses approches exp\u00e9rimentales et la port\u00e9e de ses d\u00e9couvertes, il a apport\u00e9 des contributions majeures \u00e0 la physiopathologie des maladies r\u00e9nales, qui continuent d\u2019\u00e9clairer la recherche et la pratique clinique.<\/p>\n\n\n\n<p>Auteur de tr\u00e8s nombreuses publications scientifiques dans des revues internationales de premier plan, il a \u00e9galement jou\u00e9 un r\u00f4le \u00e9minent dans les institutions scientifiques et de sant\u00e9 publique. Membre de l\u2019Acad\u00e9mie nationale de m\u00e9decine depuis 1996, il en est devenu secr\u00e9taire perp\u00e9tuel en 2010. Il a contribu\u00e9 de mani\u00e8re d\u00e9terminante \u00e0 ses travaux et \u00e0 son rayonnement, tout en pr\u00e9sidant la Fondation du Rein \u00e0 partir de 2006. Il fut par ailleurs conseiller de Simone Veil, participant aux r\u00e9flexions strat\u00e9giques en mati\u00e8re de politique de sant\u00e9, et a pr\u00e9sid\u00e9 plusieurs commissions de l\u2019INSERM, t\u00e9moignant de son engagement constant au service de la recherche biom\u00e9dicale.<\/p>\n\n\n\n<p>Parmi les distinctions qui lui furent d\u00e9cern\u00e9es, on peut citer le Prix Montyon de l&rsquo;Acad\u00e9mie des Sciences, la M\u00e9daille Jean Hamburger de la Soci\u00e9t\u00e9 fran\u00e7aise de N\u00e9phrologie, les titres de Chevalier dans l&rsquo;Ordre national du M\u00e9rite et de Chevalier de la L\u00e9gion d&rsquo;honneur, ainsi qu&rsquo;une \u00e9lection comme membre \u00e9tranger honoraire de l&rsquo;Acad\u00e9mie royale de M\u00e9decine de Belgique.<\/p>\n\n\n\n<p>Son engagement scientifique, sa rigueur intellectuelle et son sens de la transmission ont marqu\u00e9 durablement plusieurs g\u00e9n\u00e9rations de cliniciens et de chercheurs. Il a form\u00e9 et inspir\u00e9 de nombreux \u00e9l\u00e8ves, en France comme \u00e0 l\u2019\u00e9tranger, transmettant avec exigence et g\u00e9n\u00e9rosit\u00e9 le go\u00fbt de la recherche et de l\u2019excellence.<\/p>\n\n\n\n<p>Il laisse le souvenir d\u2019un ma\u00eetre exigeant et bienveillant, d\u2019un chercheur d\u2019exception et d\u2019un homme d\u2019une grande humanit\u00e9, profond\u00e9ment attach\u00e9 \u00e0 l\u2019excellence acad\u00e9mique et au progr\u00e8s de la m\u00e9decine.<\/p>\n\n\n\n<p>La Soci\u00e9t\u00e9 de N\u00e9phrologie salue la m\u00e9moire d\u2019un b\u00e2tisseur, d\u2019un mentor et d\u2019une figure embl\u00e9matique, dont l\u2019h\u00e9ritage continuera d\u2019inspirer durablement la communaut\u00e9 scientifique et m\u00e9dicale.<\/p>\n\n\n\n<p>Nous adressons nos pens\u00e9es les plus sinc\u00e8res \u00e0 sa famille, \u00e0 ses proches et \u00e0 ses coll\u00e8gues.<\/p>","protected":false},"excerpt":{"rendered":"<p>La Soci\u00e9t\u00e9 de N\u00e9phrologie a appris avec une profonde tristesse le d\u00e9c\u00e8s du Professeur Raymond Ardaillou. Figure majeure de la n\u00e9phrologie et de la physiologie fran\u00e7aises, n\u00e9 le 10 juin 1930,&nbsp; il fut l\u2019un des grands physiologistes de son temps. \u00c9l\u00e8ve de Gabriel Richet, aux c\u00f4t\u00e9s de Claude Amiel, il s\u2019inscrivait dans la lign\u00e9e fondatrice [&hellip;]<\/p>\n","protected":false},"author":1,"featured_media":0,"parent":0,"menu_order":0,"comment_status":"closed","ping_status":"closed","template":"modele-corakid","meta":{"_cbd_carousel_blocks":"[]","footnotes":""},"class_list":["post-2638","page","type-page","status-publish","hentry"],"yoast_head":"<!-- This site is optimized with the Yoast SEO plugin v27.4 - https:\/\/yoast.com\/product\/yoast-seo-wordpress\/ -->\n<title>D\u00e9c\u00e8s du Professeur Raymond ARDAILLOU - CoRaKiD<\/title>\n<meta name=\"robots\" content=\"index, follow, max-snippet:-1, max-image-preview:large, max-video-preview:-1\" \/>\n<link rel=\"canonical\" href=\"https:\/\/corakid.com\/en\/deces-du-professeur-raymond-ardaillou\/\" \/>\n<meta property=\"og:locale\" content=\"en_GB\" \/>\n<meta property=\"og:type\" content=\"article\" \/>\n<meta property=\"og:title\" content=\"D\u00e9c\u00e8s du Professeur Raymond ARDAILLOU - CoRaKiD\" \/>\n<meta property=\"og:description\" content=\"La Soci\u00e9t\u00e9 de N\u00e9phrologie a appris avec une profonde tristesse le d\u00e9c\u00e8s du Professeur Raymond Ardaillou. Figure majeure de la n\u00e9phrologie et de la physiologie fran\u00e7aises, n\u00e9 le 10 juin 1930,&nbsp; il fut l\u2019un des grands physiologistes de son temps. \u00c9l\u00e8ve de Gabriel Richet, aux c\u00f4t\u00e9s de Claude Amiel, il s\u2019inscrivait dans la lign\u00e9e fondatrice [&hellip;]\" \/>\n<meta property=\"og:url\" content=\"https:\/\/corakid.com\/en\/deces-du-professeur-raymond-ardaillou\/\" \/>\n<meta property=\"og:site_name\" content=\"CoRaKiD\" \/>\n<meta property=\"article:modified_time\" content=\"2026-04-27T13:11:31+00:00\" \/>\n<meta property=\"og:image\" content=\"https:\/\/corakid.com\/wp-content\/uploads\/2026\/04\/RA.jpg\" \/>\n\t<meta property=\"og:image:width\" content=\"853\" \/>\n\t<meta property=\"og:image:height\" content=\"480\" \/>\n\t<meta property=\"og:image:type\" content=\"image\/jpeg\" \/>\n<meta name=\"twitter:card\" content=\"summary_large_image\" \/>\n<meta name=\"twitter:label1\" content=\"Estimated reading time\" \/>\n\t<meta name=\"twitter:data1\" content=\"4 minutes\" \/>\n<script type=\"application\/ld+json\" class=\"yoast-schema-graph\">{\"@context\":\"https:\\\/\\\/schema.org\",\"@graph\":[{\"@type\":\"WebPage\",\"@id\":\"https:\\\/\\\/corakid.com\\\/deces-du-professeur-raymond-ardaillou\\\/\",\"url\":\"https:\\\/\\\/corakid.com\\\/deces-du-professeur-raymond-ardaillou\\\/\",\"name\":\"D\u00e9c\u00e8s du Professeur Raymond ARDAILLOU - CoRaKiD\",\"isPartOf\":{\"@id\":\"https:\\\/\\\/corakid.com\\\/en\\\/#website\"},\"primaryImageOfPage\":{\"@id\":\"https:\\\/\\\/corakid.com\\\/deces-du-professeur-raymond-ardaillou\\\/#primaryimage\"},\"image\":{\"@id\":\"https:\\\/\\\/corakid.com\\\/deces-du-professeur-raymond-ardaillou\\\/#primaryimage\"},\"thumbnailUrl\":\"https:\\\/\\\/corakid.com\\\/wp-content\\\/uploads\\\/2026\\\/04\\\/RA.jpg\",\"datePublished\":\"2026-04-27T13:07:41+00:00\",\"dateModified\":\"2026-04-27T13:11:31+00:00\",\"breadcrumb\":{\"@id\":\"https:\\\/\\\/corakid.com\\\/deces-du-professeur-raymond-ardaillou\\\/#breadcrumb\"},\"inLanguage\":\"en-GB\",\"potentialAction\":[{\"@type\":\"ReadAction\",\"target\":[\"https:\\\/\\\/corakid.com\\\/deces-du-professeur-raymond-ardaillou\\\/\"]}]},{\"@type\":\"ImageObject\",\"inLanguage\":\"en-GB\",\"@id\":\"https:\\\/\\\/corakid.com\\\/deces-du-professeur-raymond-ardaillou\\\/#primaryimage\",\"url\":\"https:\\\/\\\/corakid.com\\\/wp-content\\\/uploads\\\/2026\\\/04\\\/RA.jpg\",\"contentUrl\":\"https:\\\/\\\/corakid.com\\\/wp-content\\\/uploads\\\/2026\\\/04\\\/RA.jpg\"},{\"@type\":\"BreadcrumbList\",\"@id\":\"https:\\\/\\\/corakid.com\\\/deces-du-professeur-raymond-ardaillou\\\/#breadcrumb\",\"itemListElement\":[{\"@type\":\"ListItem\",\"position\":1,\"name\":\"Accueil\",\"item\":\"https:\\\/\\\/corakid.com\\\/\"},{\"@type\":\"ListItem\",\"position\":2,\"name\":\"D\u00e9c\u00e8s du Professeur Raymond ARDAILLOU\"}]},{\"@type\":\"WebSite\",\"@id\":\"https:\\\/\\\/corakid.com\\\/en\\\/#website\",\"url\":\"https:\\\/\\\/corakid.com\\\/en\\\/\",\"name\":\"CoRaKiD\",\"description\":\"UMRS 1155 Common and Rare Kidney Diseases\",\"publisher\":{\"@id\":\"https:\\\/\\\/corakid.com\\\/en\\\/#organization\"},\"potentialAction\":[{\"@type\":\"SearchAction\",\"target\":{\"@type\":\"EntryPoint\",\"urlTemplate\":\"https:\\\/\\\/corakid.com\\\/en\\\/?s={search_term_string}\"},\"query-input\":{\"@type\":\"PropertyValueSpecification\",\"valueRequired\":true,\"valueName\":\"search_term_string\"}}],\"inLanguage\":\"en-GB\"},{\"@type\":\"Organization\",\"@id\":\"https:\\\/\\\/corakid.com\\\/en\\\/#organization\",\"name\":\"CoRaKiD\",\"url\":\"https:\\\/\\\/corakid.com\\\/en\\\/\",\"logo\":{\"@type\":\"ImageObject\",\"inLanguage\":\"en-GB\",\"@id\":\"https:\\\/\\\/corakid.com\\\/en\\\/#\\\/schema\\\/logo\\\/image\\\/\",\"url\":\"https:\\\/\\\/corakid.com\\\/wp-content\\\/uploads\\\/2019\\\/10\\\/logo5.png\",\"contentUrl\":\"https:\\\/\\\/corakid.com\\\/wp-content\\\/uploads\\\/2019\\\/10\\\/logo5.png\",\"width\":652,\"height\":247,\"caption\":\"CoRaKiD\"},\"image\":{\"@id\":\"https:\\\/\\\/corakid.com\\\/en\\\/#\\\/schema\\\/logo\\\/image\\\/\"}}]}<\/script>\n<!-- \/ Yoast SEO plugin. -->","yoast_head_json":{"title":"D\u00e9c\u00e8s du Professeur Raymond ARDAILLOU - CoRaKiD","robots":{"index":"index","follow":"follow","max-snippet":"max-snippet:-1","max-image-preview":"max-image-preview:large","max-video-preview":"max-video-preview:-1"},"canonical":"https:\/\/corakid.com\/en\/deces-du-professeur-raymond-ardaillou\/","og_locale":"en_GB","og_type":"article","og_title":"D\u00e9c\u00e8s du Professeur Raymond ARDAILLOU - CoRaKiD","og_description":"La Soci\u00e9t\u00e9 de N\u00e9phrologie a appris avec une profonde tristesse le d\u00e9c\u00e8s du Professeur Raymond Ardaillou. Figure majeure de la n\u00e9phrologie et de la physiologie fran\u00e7aises, n\u00e9 le 10 juin 1930,&nbsp; il fut l\u2019un des grands physiologistes de son temps. \u00c9l\u00e8ve de Gabriel Richet, aux c\u00f4t\u00e9s de Claude Amiel, il s\u2019inscrivait dans la lign\u00e9e fondatrice [&hellip;]","og_url":"https:\/\/corakid.com\/en\/deces-du-professeur-raymond-ardaillou\/","og_site_name":"CoRaKiD","article_modified_time":"2026-04-27T13:11:31+00:00","og_image":[{"width":853,"height":480,"url":"https:\/\/corakid.com\/wp-content\/uploads\/2026\/04\/RA.jpg","type":"image\/jpeg"}],"twitter_card":"summary_large_image","twitter_misc":{"Estimated reading time":"4 minutes"},"schema":{"@context":"https:\/\/schema.org","@graph":[{"@type":"WebPage","@id":"https:\/\/corakid.com\/deces-du-professeur-raymond-ardaillou\/","url":"https:\/\/corakid.com\/deces-du-professeur-raymond-ardaillou\/","name":"D\u00e9c\u00e8s du Professeur Raymond ARDAILLOU - CoRaKiD","isPartOf":{"@id":"https:\/\/corakid.com\/en\/#website"},"primaryImageOfPage":{"@id":"https:\/\/corakid.com\/deces-du-professeur-raymond-ardaillou\/#primaryimage"},"image":{"@id":"https:\/\/corakid.com\/deces-du-professeur-raymond-ardaillou\/#primaryimage"},"thumbnailUrl":"https:\/\/corakid.com\/wp-content\/uploads\/2026\/04\/RA.jpg","datePublished":"2026-04-27T13:07:41+00:00","dateModified":"2026-04-27T13:11:31+00:00","breadcrumb":{"@id":"https:\/\/corakid.com\/deces-du-professeur-raymond-ardaillou\/#breadcrumb"},"inLanguage":"en-GB","potentialAction":[{"@type":"ReadAction","target":["https:\/\/corakid.com\/deces-du-professeur-raymond-ardaillou\/"]}]},{"@type":"ImageObject","inLanguage":"en-GB","@id":"https:\/\/corakid.com\/deces-du-professeur-raymond-ardaillou\/#primaryimage","url":"https:\/\/corakid.com\/wp-content\/uploads\/2026\/04\/RA.jpg","contentUrl":"https:\/\/corakid.com\/wp-content\/uploads\/2026\/04\/RA.jpg"},{"@type":"BreadcrumbList","@id":"https:\/\/corakid.com\/deces-du-professeur-raymond-ardaillou\/#breadcrumb","itemListElement":[{"@type":"ListItem","position":1,"name":"Accueil","item":"https:\/\/corakid.com\/"},{"@type":"ListItem","position":2,"name":"D\u00e9c\u00e8s du Professeur Raymond ARDAILLOU"}]},{"@type":"WebSite","@id":"https:\/\/corakid.com\/en\/#website","url":"https:\/\/corakid.com\/en\/","name":"CoRaKiD","description":"UMRS 1155 Common and Rare Kidney Diseases","publisher":{"@id":"https:\/\/corakid.com\/en\/#organization"},"potentialAction":[{"@type":"SearchAction","target":{"@type":"EntryPoint","urlTemplate":"https:\/\/corakid.com\/en\/?s={search_term_string}"},"query-input":{"@type":"PropertyValueSpecification","valueRequired":true,"valueName":"search_term_string"}}],"inLanguage":"en-GB"},{"@type":"Organization","@id":"https:\/\/corakid.com\/en\/#organization","name":"CoRaKiD","url":"https:\/\/corakid.com\/en\/","logo":{"@type":"ImageObject","inLanguage":"en-GB","@id":"https:\/\/corakid.com\/en\/#\/schema\/logo\/image\/","url":"https:\/\/corakid.com\/wp-content\/uploads\/2019\/10\/logo5.png","contentUrl":"https:\/\/corakid.com\/wp-content\/uploads\/2019\/10\/logo5.png","width":652,"height":247,"caption":"CoRaKiD"},"image":{"@id":"https:\/\/corakid.com\/en\/#\/schema\/logo\/image\/"}}]}},"_links":{"self":[{"href":"https:\/\/corakid.com\/en\/wp-json\/wp\/v2\/pages\/2638","targetHints":{"allow":["GET"]}}],"collection":[{"href":"https:\/\/corakid.com\/en\/wp-json\/wp\/v2\/pages"}],"about":[{"href":"https:\/\/corakid.com\/en\/wp-json\/wp\/v2\/types\/page"}],"author":[{"embeddable":true,"href":"https:\/\/corakid.com\/en\/wp-json\/wp\/v2\/users\/1"}],"replies":[{"embeddable":true,"href":"https:\/\/corakid.com\/en\/wp-json\/wp\/v2\/comments?post=2638"}],"version-history":[{"count":4,"href":"https:\/\/corakid.com\/en\/wp-json\/wp\/v2\/pages\/2638\/revisions"}],"predecessor-version":[{"id":2645,"href":"https:\/\/corakid.com\/en\/wp-json\/wp\/v2\/pages\/2638\/revisions\/2645"}],"wp:attachment":[{"href":"https:\/\/corakid.com\/en\/wp-json\/wp\/v2\/media?parent=2638"}],"curies":[{"name":"wp","href":"https:\/\/api.w.org\/{rel}","templated":true}]}}